{"id":81,"date":"2015-02-13T10:00:50","date_gmt":"2015-02-13T09:00:50","guid":{"rendered":"http:\/\/felimanero.es\/?page_id=81"},"modified":"2025-07-08T18:39:46","modified_gmt":"2025-07-08T16:39:46","slug":"ca","status":"publish","type":"page","link":"http:\/\/felimanero.es\/?page_id=81","title":{"rendered":"ca"},"content":{"rendered":"<p><img loading=\"lazy\" decoding=\"async\" data-attachment-id=\"224\" data-permalink=\"http:\/\/felimanero.es\/?attachment_id=224\" data-orig-file=\"http:\/\/felimanero.es\/wp-content\/uploads\/Feli-11.jpg\" data-orig-size=\"640,480\" data-comments-opened=\"0\" data-image-meta=\"{&quot;aperture&quot;:&quot;2.8&quot;,&quot;credit&quot;:&quot;&quot;,&quot;camera&quot;:&quot;Canon IXUS 130&quot;,&quot;caption&quot;:&quot;&quot;,&quot;created_timestamp&quot;:&quot;1428066414&quot;,&quot;copyright&quot;:&quot;&quot;,&quot;focal_length&quot;:&quot;5&quot;,&quot;iso&quot;:&quot;100&quot;,&quot;shutter_speed&quot;:&quot;0.033333333333333&quot;,&quot;title&quot;:&quot;&quot;,&quot;orientation&quot;:&quot;1&quot;}\" data-image-title=\"Feli 11\" data-image-description=\"\" data-image-caption=\"\" data-large-file=\"http:\/\/felimanero.es\/wp-content\/uploads\/Feli-11.jpg\" class=\" wp-image-224 size-medium alignleft\" src=\"http:\/\/felimanero.es\/wp-content\/uploads\/Feli-11-300x225.jpg\" alt=\"\" width=\"300\" height=\"225\" srcset=\"http:\/\/felimanero.es\/wp-content\/uploads\/Feli-11-300x225.jpg 300w, http:\/\/felimanero.es\/wp-content\/uploads\/Feli-11.jpg 640w\" sizes=\"auto, (max-width: 300px) 100vw, 300px\" \/>Feli Manero es va formar com pintora a l&#8217;escola de Ram\u00f3n Boter i Joaquim Santal\u00f3 a Barcelona, de 1984 a 1992. Durant aquest temps tamb\u00e9 es va introduir en la pintura i la cal\u00b7ligrafia xineses a l&#8217;estudi de Tere Vila Matas, i va assistir a classes d&#8217;escultura i dibuix amb Carlos Mar\u00edn. A It\u00e0lia va realitzar diversos cursos de dibuix i pintura a l&#8217;Instituto per l&#8217;Arte e il Restauro de Siena. Ha realitzat estades de treball a Bali, Vene\u00e7uela, Jamaica, Cura\u00e7ao i Illa Maurici.<\/p>\n<p>&nbsp;<\/p>\n<p><strong>Selecci\u00f3 d&#8217;exposicions:<\/strong><\/p>\n<ul>\n<li>2025 \u2013 Participaci\u00f3 a la Frejstejn House Exhibition 2025. Rep\u00fablica Txeca.<\/li>\n<li>2024 \u2013 Port Gallery. Col\u00b7lectiva de Nadal. Barcelona.<\/li>\n<li>2024 \u2013 Galeria Espai[b]. Col\u00b7lectiva de Nadal. Barcelona.<\/li>\n<li>2024 \u2013 Galeria Nauart. Col\u00b7lectiva <i>Colores Fr\u00edos. <\/i>Barcelona.<\/li>\n<li>2023 \u2013 <em>Ins &amp; Outs.<\/em> Galeria Espai[b]. Exposici\u00f3 individual. Barcelona.<\/li>\n<li>2023 \u2013 Port Gallery. Exposici\u00f3 col\u00b7lectiva de Nadal. Barcelona.<\/li>\n<li>2022 \u2013 Port Gallery. Exposici\u00f3 col\u00b7lectiva. Barcelona.<\/li>\n<li>2021 \u2013 Port Gallery. Exposici\u00f3 col\u00b7lectiva de Nadal. Barcelona.<\/li>\n<li>2020 \u2013 La Contra Espai d&#8217;Art. Exposici\u00f3 individual. Barcelona.<\/li>\n<li>2019 \u2013 Galeria Espai[b]. Exposici\u00f3 col\u00b7lectiva. Barcelona.<\/li>\n<li>2019 \u2013 Galeria La Contra. Exposici\u00f3 col\u00b7lectiva. Barcelona.<\/li>\n<li>2018 \u2013 Galeria Espai[b]. Exposici\u00f3 col\u00b7lectiva d\u2019estiu. Barcelona.<\/li>\n<li>2018 \u2013 El Local. Galeria de Nuria Rom\u00e1n. Exposici\u00f3 col\u00b7lectiva. Ma\u00f3, Menorca.<\/li>\n<li>2018 \u2013 Participaci\u00f3 a C\u00e0psula Drap-Art\u201918. Barcelona.<\/li>\n<li>2017 &#8211; Galeria Espai[b]. Exposici\u00f3 col\u00b7lectiva d&#8217;estiu. Barcelona.<\/li>\n<li>2016 &#8211; Finalista del Premi de Pintura 2016 de la <a href=\"http:\/\/www.fundaciovilacasas.com\/ca\/museu\/museu-can-framis-barcelona\" target=\"_blank\" rel=\"noopener\">Fundaci\u00f3 Vila Casas<\/a>, Can Framis. Barcelona.<\/li>\n<li>2016 &#8211; Seleccionada per a l&#8217;exposici\u00f3 <em>S\u00edntesi 90&#8242;<\/em>. Espai Hub &#8211; <a href=\"http:\/\/www.museudeldisseny.cat\/ca\" target=\"_blank\" rel=\"noopener\">Museu del Disseny de Barcelona<\/a>.<\/li>\n<li>2016 &#8211;\u00a0<em>Fet de Libres, <\/em>exposici\u00f3\/instal\u00b7laci\u00f3 conjunta amb Gretel Broyn a Galerie Marianne. Argel\u00e8s-sur-Mer, Fran\u00e7a.<\/li>\n<li>2016 &#8211;\u00a0Galeria Espai[b]. Exposici\u00f3 col\u00b7lectiva d&#8217;hivern. Barcelona.<\/li>\n<li>2015 &#8211; Seleccionada per a l&#8217;exposici\u00f3 <em>S\u00edntesi 90&#8242;<\/em>. Espai Hub &#8211; <a href=\"http:\/\/www.museudeldisseny.cat\/ca\" target=\"_blank\" rel=\"noopener\">Museu del Disseny de Barcelona<\/a>.<\/li>\n<li>2014 &#8211; Exposici\u00f3 col\u00b7lectiva\u00a0<em>Lletraferit<\/em>. Galeria MX Espai 1010. Col\u00b7lectiva. Barcelona.<\/li>\n<li>2014 &#8211;\u00a0Exposici\u00f3\u00a0<em>Pintar a Illa Maurici<\/em>. Espai Mezanina. Col\u00b7lectiva. Barcelona.<\/li>\n<li>2014 &#8211; Galeria Espai[b]. Exposici\u00f3 col\u00b7lectiva d&#8217;estiu. Barcelona.<\/li>\n<li>2014 &#8211; Seleccionada per a l&#8217;exposici\u00f3 <em>S\u00edntesi<\/em>. <a href=\"http:\/\/artssantamonica.gencat.cat\/ca\/index.html\" target=\"_blank\" rel=\"noopener\">Arts Santa M\u00f2nica<\/a>. Barcelona.<\/li>\n<li>2013 &#8211; <em>Incision\/s<\/em>. Exposici\u00f3 individual. Espai Mezanina. Barcelona.<\/li>\n<li>2013 &#8211;\u00a0Participaci\u00f3 amb un grup de pintors de Barcelona al projecte cinematogr\u00e0fic <em>Pintar a Illa Maurici<\/em>. Illa Maurici.<\/li>\n<li>2013 &#8211; <em>Fet de Llibres<\/em>. Instal\u00b7laci\u00f3\/exposici\u00f3 conjunta amb Gretel Broyn a la Biblioteca Argentina Dr. Juan \u00c1lvarez. Rosario, Argentina.<\/li>\n<li>2012 &#8211; Participaci\u00f3 a l&#8217;acci\u00f3 pict\u00f2rica <em>Fet de Llibres,<\/em> organitzada per i al Centre C\u00edvic Teixonera,\u00a0a la Biblioteca El Carmel-Juan Mars\u00e9 i a la Biblioteca Vallcarca i els Penitents-M. Antonieta Cot. Barcelona.<\/li>\n<li>2012 &#8211; XI Exposici\u00f3 Internacional d&#8217;Art Contemporani de Petit Format. University Gallery. Belfast, Irlanda.<\/li>\n<li>2011 &#8211; XI Exposici\u00f3 Internacional d&#8217;Art Contemporani de Petit Format. University Gallery. Galeria MX Espai 1010, Barcelona.<\/li>\n<li>2011 &#8211; Galeria Crisol\u00a0Art. Col\u00b7lectiva. Barcelona.<\/li>\n<li>2010 &#8211; Participaci\u00f3 a <em>Arte Hoy<\/em> de Costa Rica. San Juan, Costa Rica.<\/li>\n<li>2010\u00a0&#8211; Romea 3 Galer\u00eda de Arte. Col\u00b7lectiva. Murcia.<\/li>\n<li>2009 &#8211; Galeria Fivars. Col\u00b7lectiva. Alacant.<\/li>\n<li>2009 &#8211; Galeria Hotel Regina. Col\u00b7lectiva. Par\u00eds, Fran\u00e7a.<\/li>\n<li>2008 &#8211; Galeria Esposta. Col\u00b7lectiva. Verona, It\u00e0lia.<\/li>\n<li>2007 &#8211; Galeria Jos\u00e9 de Ibarra. Col\u00b7lectiva. Barcelona.<\/li>\n<li>2007 &#8211; VIII Exposici\u00f3 Internacional d&#8217;Art Contemporani de Petit Format. Galeria MX Espai 1010. Barcelona.<\/li>\n<li>2006 &#8211; Galeria Arnau. Col\u00b7lectiva. Barcelona.<\/li>\n<li>2006 &#8211; Julia Karp Gallery. Col\u00b7lectiva. Barcelona.<\/li>\n<li>2006 &#8211; Participaci\u00f3 a Barcelona Poesia\u00a02006, amb el projecte col\u00b7lectiu <em>Translacions<\/em> a la Sala Miscel\u00e1nea. Barcelona.<\/li>\n<li>2005 &#8211; Julia Karp Gallery. Individual. Barcelona.<\/li>\n<li>2005 &#8211; Exposici\u00f3 amb Gretel Broyn al Centre de Cultura de les Dones \u00abFrancesca Bonnemaison\u00bb. Barcelona.<\/li>\n<li>2003 &#8211; Galeria Art Cubic. Col\u00b7lectiva. Barcelona.<\/li>\n<li>2003 &#8211; Galeria Casa Europa. Col\u00b7lectiva. Pilsen, Rep\u00fablica Txeca.<\/li>\n<li>2002 &#8211; Fundaci\u00f3 Comaposada. Individual. Barcelona.<\/li>\n<li>2002 &#8211; Galeria Arnau. Col\u00b7lectiva. Barcelona.<\/li>\n<li>2002 &#8211; Galeria Pou d&#8217;Art. Individual. Sant Cugat del Vall\u00e8s, Barcelona.<\/li>\n<li>2002 &#8211; Galeria Contrast. Col\u00b7lectiva. Barcelona.<\/li>\n<li>2001 &#8211; Centre C\u00edvic Convent de Sant Agust\u00ed. Individual. Barcelona.<\/li>\n<li>2000 &#8211; Centre C\u00edvic Pati Llimona. Col\u00b7lectiva. Barcelona.<\/li>\n<li>1994 &#8211; Sala Tramontan. Col\u00b7lectiva. Barcelona.<\/li>\n<li>1993 &#8211; Sala d&#8217;Art Putxet. Individual. Barcelona.<\/li>\n<li>1992 &#8211; Fundaci\u00f3n S\u00e1nchez Ruip\u00e9rez. Col\u00b7lectiva. Madrid.<\/li>\n<\/ul>\n<p>Ha format part del jurat del Concurs de Pintura I, II, III i IV, organitzat pel Servei d&#8217;Activitats Socials de la Universitat Polit\u00e8cnica de Catalunya, Univers, de 2008 a 2011.<\/p>\n<p>Col\u00b7labora amb il\u00b7lustracions a la revista virtual <a href=\"http:\/\/www.barcelonareview.com\" target=\"_blank\" rel=\"noopener\"><em>Barcelona Review<\/em><\/a>.<\/p>\n<p>Col\u00b7labora amb il\u00b7lustracions a la revista especialitzada en psicomotricitat <i><a href=\"https:\/\/app-psicomotricistas.net\/revista\/\" target=\"_blank\" rel=\"noopener\">Entrel\u00edneas<\/a>.<\/i><\/p>\n<p>Entrevista a la revista digital <em><a href=\"https:\/\/www.revistarambla.com\/en-la-pintura-si-no-trabajas-con-pasion-te-quedas-fuera\/\" target=\"_blank\" rel=\"noopener\">R@mbla<\/a><\/em>.<\/p>\n<p>CONTACTE: felimanero@gmail.com<\/p>\n","protected":false},"excerpt":{"rendered":"<p>Feli Manero es va formar com pintora a l&#8217;escola de Ram\u00f3n Boter i Joaquim Santal\u00f3 a Barcelona, de 1984 a 1992. Durant aquest temps tamb\u00e9 es va introduir en la pintura i la cal\u00b7ligrafia xineses a l&#8217;estudi de Tere Vila Matas, i va assistir a classes d&#8217;escultura i dibuix amb Carlos Mar\u00edn. A It\u00e0lia va [&hellip;]<\/p>\n","protected":false},"author":2,"featured_media":0,"parent":66,"menu_order":2,"comment_status":"closed","ping_status":"open","template":"","meta":{"footnotes":""},"class_list":["post-81","page","type-page","status-publish","hentry"],"jetpack_sharing_enabled":true,"jetpack_shortlink":"https:\/\/wp.me\/P5KM0S-1j","_links":{"self":[{"href":"http:\/\/felimanero.es\/index.php?rest_route=\/wp\/v2\/pages\/81","targetHints":{"allow":["GET"]}}],"collection":[{"href":"http:\/\/felimanero.es\/index.php?rest_route=\/wp\/v2\/pages"}],"about":[{"href":"http:\/\/felimanero.es\/index.php?rest_route=\/wp\/v2\/types\/page"}],"author":[{"embeddable":true,"href":"http:\/\/felimanero.es\/index.php?rest_route=\/wp\/v2\/users\/2"}],"replies":[{"embeddable":true,"href":"http:\/\/felimanero.es\/index.php?rest_route=%2Fwp%2Fv2%2Fcomments&post=81"}],"version-history":[{"count":42,"href":"http:\/\/felimanero.es\/index.php?rest_route=\/wp\/v2\/pages\/81\/revisions"}],"predecessor-version":[{"id":606,"href":"http:\/\/felimanero.es\/index.php?rest_route=\/wp\/v2\/pages\/81\/revisions\/606"}],"up":[{"embeddable":true,"href":"http:\/\/felimanero.es\/index.php?rest_route=\/wp\/v2\/pages\/66"}],"wp:attachment":[{"href":"http:\/\/felimanero.es\/index.php?rest_route=%2Fwp%2Fv2%2Fmedia&parent=81"}],"curies":[{"name":"wp","href":"https:\/\/api.w.org\/{rel}","templated":true}]}}